{"id":27,"date":"2013-01-18T19:39:03","date_gmt":"2013-01-18T19:39:03","guid":{"rendered":"http:\/\/18.12."},"modified":"2017-09-18T19:03:54","modified_gmt":"2017-09-18T19:03:54","slug":"vysledky","status":"publish","type":"page","link":"https:\/\/www.skcpraha.cz\/?page_id=27","title":{"rendered":"V\u00fdsledky"},"content":{"rendered":"<h1><span style=\"color: #ff0000;\">2017<\/span><\/h1>\n<p><span style=\"color: #ff0000;\">Pr\u016fb\u011b\u017en\u00e9 po\u0159ad\u00ed Pra\u017esk\u00e9ho MTB poh\u00e1ru 2017 po \u010dtvrt\u00e9m kole<\/span><br \/>\n<a href=\"https:\/\/www.skcpraha.cz\/wp-content\/uploads\/2013\/01\/Pr\u016fb\u011b\u017en\u00e9-po\u0159ad\u00ed-PMTBP-2017_po-4.kole_.pdf\">Pr\u016fb\u011b\u017en\u00e9 po\u0159ad\u00ed PMTBP 2017_po 4.kole<\/a><\/p>\n<p><span style=\"color: #ff0000;\">Pr\u016fb\u011b\u017en\u00e9 po\u0159ad\u00ed Pra\u017esk\u00e9ho MTB poh\u00e1ru 2017 po t\u0159et\u00edm kole &#8211; SOUT\u011a\u017d T\u00ddM\u016e<\/span><br \/>\n<a href=\"https:\/\/www.skcpraha.cz\/wp-content\/uploads\/2013\/01\/PMTBP-2017_sout\u011b\u017e-t\u00fdm\u016f-po-3.kole_.pdf\">PMTBP 2017_sout\u011b\u017e t\u00fdm\u016f po 3.kole<\/a><\/p>\n<p><strong style=\"color: #0000ff;\">1.kolo &#8211; 19.3.2017, \u0158epy<\/strong><br \/>\nV\u00fdsledky 1.kola naleznete <a href=\"https:\/\/www.sportt.cz\/racesResults\/resultlist\/503\">ZDE<\/a><\/p>\n<p><strong style=\"color: #0000ff;\">2.kolo &#8211; 9.4.2017, Zli\u010d\u00edn<\/strong><br \/>\nV\u00fdsledky 2.kola naleznete <a href=\"https:\/\/www.sportt.cz\/racesResults\/resultlist\/507\">ZDE<\/a><\/p>\n<h1><span style=\"color: #ff0000;\">2016<\/span><\/h1>\n<p><strong><span style=\"color: #ff0000;\">Pr\u016fb\u011b\u017en\u00e9&nbsp;po\u0159ad\u00ed Pra\u017esk\u00e9ho MTB poh\u00e1ru 2016 po&nbsp;\u010dty\u0159ech&nbsp;kolech<\/span><\/strong><br \/>\n<strong><span style=\"color: #ff0000;\"><a href=\"http:\/\/prahamtb.cz\/wp-content\/uploads\/2013\/03\/Pr\u016fb\u011b\u017en\u00e9-po\u0159ad\u00ed_po-4-kole_Pra\u017esk\u00fd-MTB-poh\u00e1r-2016.pdf\">prubezne-poradi_po-4-kole_prazsky-mtb-pohar-2016<\/a><\/span><\/strong><\/p>\n<p><strong style=\"color: #0000ff;\">1.kolo &#8211; 26.3.2016, Zli\u010d\u00edn<\/strong><br \/>\n<a href=\"http:\/\/prahamtb.cz\/wp-content\/uploads\/2016\/03\/V\u00fdsledky-1-kolo_Zli\u010d\u00edn_Pra\u017esk\u00fd-MTB-poh\u00e1r-2016.pdf\">V\u00fdsledky 1 kolo_Zli\u010d\u00edn_Pra\u017esk\u00fd MTB poh\u00e1r 2016<\/a><\/p>\n<p><strong style=\"color: #0000ff;\">2.kolo &#8211; 15.5.2016, Kbely<\/strong><br \/>\n<a href=\"http:\/\/prahamtb.cz\/wp-content\/uploads\/2013\/03\/V\u00fdsledky-2-kolo_Kbely_Pra\u017esk\u00fd-MTB-poh\u00e1r-2016.pdf\">V\u00fdsledky 2 kolo_Kbely_Pra\u017esk\u00fd MTB poh\u00e1r 2016<\/a><\/p>\n<p><strong style=\"color: #0000ff;\">3.kolo &#8211; 5.6.2016, Beckov<\/strong><br \/>\n<a href=\"http:\/\/prahamtb.cz\/wp-content\/uploads\/2013\/03\/V\u00fdsledky-3-kolo_Beckov_Pra\u017esk\u00fd-MTB-poh\u00e1r-2016.pdf\">V\u00fdsledky 3 kolo_Beckov_Pra\u017esk\u00fd MTB poh\u00e1r 2016<\/a><\/p>\n<p><strong style=\"color: #0000ff;\">4.kolo &#8211; 18.9.2016, Libu\u0161<\/strong><br \/>\n<a href=\"http:\/\/prahamtb.cz\/wp-content\/uploads\/2013\/03\/V\u00fdsledky-4-kolo_Libu\u0161_Pra\u017esk\u00fd-MTB-poh\u00e1r-2016.pdf\">vysledky-4-kolo_libus_prazsky-mtb-pohar-2016<\/a><\/p>\n<p>&nbsp;<\/p>\n<h1><span style=\"color: #ff0000;\">2015<\/span><\/h1>\n<p><strong><span style=\"color: #ff0000;\">Celkov\u00e9 po\u0159ad\u00ed Pra\u017esk\u00e9ho MTB poh\u00e1ru 2015 po p\u011bti kolech&nbsp;<\/span><\/strong><br \/>\n<a href=\"http:\/\/prahamtb.cz\/wp-content\/uploads\/2013\/03\/Celkov\u00e9-po\u0159ad\u00ed_po-5-kole_Pra\u017esk\u00fd-MTB-poh\u00e1r-2015_\u0161krt.pdf\">Celkov\u00e9 po\u0159ad\u00ed_po 5 kole_Pra\u017esk\u00fd MTB poh\u00e1r 2015_\u0161krt<\/a><\/p>\n<p><span style=\"color: #ff0000;\"><strong>Sout\u011b\u017e t\u00fdm\u016f &#8211; pr\u016fb\u011b\u017en\u00e9 po\u0159ad\u00ed po \u010dty\u0159ech kolech<\/strong><\/span><br \/>\n<a href=\"http:\/\/prahamtb.cz\/wp-content\/uploads\/2013\/03\/T\u00ddMY-PO-4-KOLECH_sum\u00e1\u0159.pdf\">T\u00ddMY PO 4 KOLECH_sum\u00e1\u0159<\/a><\/p>\n<p><strong style=\"color: #0000ff;\">1.kolo &#8211; 22.3.2015, Zli\u010d\u00edn<\/strong><br \/>\n<a href=\"http:\/\/prahamtb.cz\/wp-content\/uploads\/2013\/03\/V\u00fdsledky-1-kolo_Zli\u010d\u00edn_Pra\u017esk\u00fd-MTB-poh\u00e1r-2015.pdf\">V\u00fdsledky 1 kolo_Zli\u010d\u00edn_Pra\u017esk\u00fd MTB poh\u00e1r 2015<\/a><\/p>\n<p><strong style=\"color: #0000cc;\">2.kolo &#8211; 6.4.2015, \u0158epy<\/strong><br \/>\n<a href=\"http:\/\/prahamtb.cz\/wp-content\/uploads\/2013\/03\/V\u00fdsledky-2-kolo_\u0158epy_Pra\u017esk\u00fd-MTB-poh\u00e1r-2015.pdf\">V\u00fdsledky 2 kolo_\u0158epy_Pra\u017esk\u00fd MTB poh\u00e1r 2015<\/a><\/p>\n<p><strong style=\"color: #0000cc;\">3.kolo &#8211; 8.5.2015, Kbely<\/strong><br \/>\n<a href=\"http:\/\/prahamtb.cz\/wp-content\/uploads\/2013\/03\/V\u00fdsledky-3-kolo_Kbely_Pra\u017esk\u00fd-MTB-poh\u00e1r-20151.pdf\">V\u00fdsledky 3 kolo_Kbely_Pra\u017esk\u00fd MTB poh\u00e1r 2015<\/a><\/p>\n<p><strong style=\"color: #0000cc;\">4.kolo &#8211; 13.9.2015, Libu\u0161<\/strong><br \/>\n<a href=\"http:\/\/prahamtb.cz\/wp-content\/uploads\/2013\/03\/V\u00fdsledky-4-kolo_Libu\u0161_Pra\u017esk\u00fd-MTB-poh\u00e1r-2015.pdf\">V\u00fdsledky 4 kolo_Libu\u0161_Pra\u017esk\u00fd MTB poh\u00e1r 2015<\/a><\/p>\n<p><strong style=\"color: #0000cc;\">5.kolo &#8211; 20.9.2015, Zli\u010d\u00edn<\/strong><br \/>\n<a href=\"http:\/\/prahamtb.cz\/wp-content\/uploads\/2013\/03\/V\u00fdsledky-5-kolo_Zli\u010d\u00edn_Pra\u017esk\u00fd-MTB-poh\u00e1r-2015.pdf\">V\u00fdsledky 5 kolo_Zli\u010d\u00edn_Pra\u017esk\u00fd MTB poh\u00e1r 2015<\/a><\/p>\n<p><strong><span style=\"color: #ff0000;\">2014<\/span><\/strong><\/p>\n<p><span style=\"color: #ff0000;\"><strong>Celkov\u00e9&nbsp;po\u0159ad\u00ed Pra\u017esk\u00e9ho MTB poh\u00e1ru 2014<\/strong><\/span><br \/>\n<span style=\"color: #ff0000;\"><strong><a href=\"http:\/\/prahamtb.cz\/wp-content\/uploads\/2013\/03\/Pr\u016fb\u011b\u017en\u00e9-po\u0159ad\u00ed_po-5-kole_Pra\u017esk\u00fd-MTB-poh\u00e1r-2014_.pdf\">Pr\u016fb\u011b\u017en\u00e9 po\u0159ad\u00ed_po 5 kole_Pra\u017esk\u00fd MTB poh\u00e1r 2014_<\/a><\/strong><\/span><\/p>\n<p><strong style=\"color: #ff0000;\">Pr\u016fb\u011b\u017en\u00e9 po\u0159ad\u00ed Pra\u017esk\u00e9ho MTB poh\u00e1ru &#8211; sout\u011b\u017e t\u00fdm\u016f<\/strong><br \/>\n<a href=\"http:\/\/prahamtb.cz\/wp-content\/uploads\/2013\/03\/t\u00fdmy_po-5-kolech.pdf\">t\u00fdmy_po 5 kolech<\/a><\/p>\n<p><span style=\"color: #0000ff;\"><strong>1.kolo &#8211; 23.3.2014, Zli\u010d\u00edn<\/strong><\/span><br \/>\n<a href=\"http:\/\/prahamtb.cz\/wp-content\/uploads\/2013\/03\/V\u00fdsledky-1-kolo_Pra\u017esk\u00fd-MTB-poh\u00e1r-2014.pdf\">V\u00fdsledky 1 kolo_Pra\u017esk\u00fd MTB poh\u00e1r 2014<\/a><\/p>\n<p><span style=\"color: #3366ff;\"><strong>&nbsp;<\/strong><span style=\"color: #0000cc;\"><strong>2.kolo &#8211; 27.4.2014, \u0158epy<\/strong><\/span><\/span><br \/>\n<a href=\"http:\/\/prahamtb.cz\/wp-content\/uploads\/2013\/03\/Vysledky-2-kolo_Repy_Prazsky-MTB-pohar-2014.pdf\">Vysledky 2 kolo_Repy_Prazsky MTB pohar 2014<\/a><\/p>\n<p><strong style=\"color: #3366ff;\">&nbsp;<\/strong><strong>3<span style=\"color: #0000cc;\">.kolo &#8211; 5.4.2014, Kbely<\/span><\/strong><br \/>\n<a href=\"http:\/\/prahamtb.cz\/wp-content\/uploads\/2014\/05\/V\u00fdsledky-3-kolo_Kbely_Pra\u017esk\u00fd-MTB-poh\u00e1r-2014.pdf\">V\u00fdsledky 3 kolo_Kbely_Pra\u017esk\u00fd MTB poh\u00e1r 2014<\/a><\/p>\n<p><strong>4<span style=\"color: #0000cc;\">.kolo &#8211; 14.9.2014, Libu\u0161<\/span><\/strong><br \/>\n<a href=\"http:\/\/prahamtb.cz\/wp-content\/uploads\/2013\/03\/V\u00fdsledky-4-kolo_Libu\u0161_Pra\u017esk\u00fd-MTB-poh\u00e1r-2014.pdf\">V\u00fdsledky 4 kolo_Libu\u0161_Pra\u017esk\u00fd MTB poh\u00e1r 2014<\/a><\/p>\n<p><strong><span style=\"color: #0000cc;\">5.kolo &#8211; 21.9.2014, \u0158epy<\/span><\/strong><br \/>\n<a href=\"http:\/\/prahamtb.cz\/wp-content\/uploads\/2013\/03\/V\u00fdsledky-5-kolo_\u0158epy_Pra\u017esk\u00fd-MTB-poh\u00e1r-2014.pdf\">V\u00fdsledky 5 kolo_\u0158epy_Pra\u017esk\u00fd MTB poh\u00e1r 2014<\/a><\/p>\n<p><span style=\"color: #ff0000;\">2013<\/span><\/p>\n<p><em><strong><span style=\"color: #ff0000;\">PRA\u017dSK\u00dd MTB POH\u00c1R 2013<\/span><\/strong><\/em><\/p>\n<p>V\u00edce informac\u00ed naleznete na <strong><a href=\"http:\/\/prahamtb.cz\/\">www.prahamtb.cz<\/a> <\/strong><\/p>\n<p><strong><em>V\u00fdsledky a pr\u016fb\u011b\u017en\u00e9 po\u0159ad\u00ed po 1.kole Pra\u017esk\u00e9ho MTB poh\u00e1ru (21.4.2013)<\/em><\/strong><br \/>\n<a href=\"https:\/\/www.skcpraha.cz\/wp-content\/uploads\/2013\/03\/Results_Prazsky-MTB-pohar_1_kolo-Zlicin.pdf\">V\u00fdsledky &#8211; 1.kolo, Zli\u010d\u00edn<\/a><br \/>\n<a href=\"https:\/\/www.skcpraha.cz\/wp-content\/uploads\/2013\/04\/PR\u016eB\u011a\u017dN\u00c9-PO\u0158AD\u00cd-PRA\u017dSK\u00c9HO-MTB-POH\u00c1RU-2013.pdf\">PR\u016eB\u011a\u017dN\u00c9 PO\u0158AD\u00cd PRA\u017dSK\u00c9HO MTB POH\u00c1RU 2013<\/a><\/p>\n<p><strong><em>2.kolo &#8211; 1.6.2013, Praha \u0158epy<\/em><\/strong><br \/>\n<a href=\"http:\/\/prahamtb.cz\/wp-content\/uploads\/2013\/03\/Results_Prazsky-MTB-pohar_2_kolo-Repy.pdf\">v\u00fdsledky &#8211; 2.kolo, \u0158epy<\/a><br \/>\n<a href=\"http:\/\/prahamtb.cz\/wp-content\/uploads\/2013\/06\/20130603-PR%C5%AEB%C4%9A%C5%BDN%C3%89-PO%C5%98AD%C3%8D-PRA%C5%BDSK%C3%89HO-MTB-POH%C3%81RU-2013.pdf\">PR\u016eB\u011a\u017dN\u00c9 PO\u0158AD\u00cd PRA\u017dSK\u00c9HO MTB POH\u00c1RU 2013<\/a><\/p>\n<p><strong><em>3.kolo &#8211; 15.9.2013, Praha Libu\u0161<\/em><\/strong><br \/>\n<a href=\"https:\/\/www.skcpraha.cz\/wp-admin\/post.php?post=285&amp;action=edit\">V\u00fdsledky &#8211; 3.kolo, Libu\u0161<\/a><br \/>\n<a href=\"http:\/\/prahamtb.cz\/wp-content\/uploads\/2013\/03\/20130915-PR%C5%AEB%C4%9A%C5%BDN%C3%89-PO%C5%98AD%C3%8D-PRA%C5%BDSK%C3%89HO-MTB-POH%C3%81RU-2013.pdf\">PR\u016eB\u011a\u017dN\u00c9 PO\u0158AD\u00cd PRA\u017dSK\u00c9HO MTB POH\u00c1RU 2013 PO 3.KOLE<\/a><\/p>\n<p><strong><em>4.kolo &#8211; 29.9.2013, Praha Stod\u016flky<\/em><\/strong><br \/>\nZ TECHNICK\u00ddCH D\u016eVOD\u016e ZRU\u0160ENO<\/p>\n<p><strong><em>5.kolo &#8211; 6.10.2013, Praha Zli\u010d\u00edn<\/em><\/strong><br \/>\n<a href=\"http:\/\/prahamtb.cz\/wp-content\/uploads\/2013\/03\/2013_10_06-vysledky-Pra%C5%BEsk%C3%BD-MTB-poh%C3%A1r_5_kolo-Zli%C4%8D%C3%ADn.pdf\">V\u00fdsledky &#8211; 5.kolo, Zli\u010d\u00edn<\/a><br \/>\n<a href=\"http:\/\/prahamtb.cz\/wp-content\/uploads\/2013\/10\/20131007-PR%C5%AEB%C4%9A%C5%BDN%C3%89-PO%C5%98AD%C3%8D-PRA%C5%BDSK%C3%89HO-MTB-POH%C3%81RU-2013.pdf\">PR\u016eB\u011a\u017dN\u00c9 PO\u0158AD\u00cd PRA\u017dSK\u00c9HO MTB POH\u00c1RU 2013 PO 5.KOLE<\/a><\/p>\n<p><strong><em>6.kolo &#8211; 13.10.2013, Praha \u0158epy<\/em><\/strong><br \/>\n<a href=\"http:\/\/prahamtb.cz\/wp-content\/uploads\/2013\/03\/Vysledky-Pra%C5%BEsk%C3%BD-MTB-poh%C3%A1r_6_kolo-Zli%C4%8D%C3%ADn.pdf\">V\u00fdsledky &#8211; 6.kolo, \u0158epy<\/a><\/p>\n<p>&nbsp;<\/p>\n<p><span style=\"color: #ff0000;\">2011<\/span><\/p>\n<table width=\"100%\" cellspacing=\"0\" cellpadding=\"5\">\n<colgroup>\n<col width=\"78\">\n<col width=\"64\"><\/colgroup>\n<tbody>\n<tr>\n<td bgcolor=\"#CCCCCC\" width=\"103\">18.12.<\/td>\n<td bgcolor=\"#CCCCCC\" width=\"958\"><a href=\"http:\/\/skhcp.cz\/download\/2111215_18%20Celkove%20poradi%20CP%20draha%202011.pdf\">Pr\u016fb\u011b\u017en\u00e9 po\u0159ad\u00ed \u010cP handicapovan\u00fdch cyklist\u016f na dr\u00e1ze po 4 z\u00e1vodech<\/a><\/td>\n<\/tr>\n<tr>\n<td>18.12.<\/td>\n<td><a href=\"http:\/\/skhcp.cz\/download\/Vysledky%20MCR%20draha%202011+CP%204%20kolo.pdf\">V\u00fdsledky M\u010cR na dr\u00e1ze 2011 + \u010cP handicapovan\u00fdch cyklist\u016f na dr\u00e1ze 4. kolo<\/a><\/td>\n<\/tr>\n<tr>\n<td bgcolor=\"#CCCCCC\">11.12.<\/td>\n<td bgcolor=\"#CCCCCC\"><a href=\"http:\/\/skhcp.cz\/download\/Vysledky_CP_draha_3_kolo.pdf\">\u010cP handicapovan\u00fdch cyklist\u016f na dr\u00e1ze&nbsp;3. kolo<\/a><\/td>\n<\/tr>\n<tr>\n<td width=\"103\">2. 12.<\/td>\n<td><a href=\"http:\/\/skhcp.cz\/download\/Vysledky_2_kolo_CP_celkove.pdf\">\u010cP handicapovan\u00fdch cyklist\u016f na dr\u00e1ze&nbsp;2. kolo<\/a><\/td>\n<\/tr>\n<tr>\n<td bgcolor=\"#CCCCCC\" width=\"103\">25.11.<\/td>\n<td bgcolor=\"#CCCCCC\"><a href=\"http:\/\/skhcp.cz\/download\/Vysledky_1_kolo_CP_celkove.pdf\">\u010cP handicapovan\u00fdch cyklist\u016f na dr\u00e1ze 1. kolo<\/a><\/td>\n<\/tr>\n<tr>\n<td width=\"103\">13.11.<\/td>\n<td><a href=\"http:\/\/skhcp.cz\/download\/vysledky_Prazsky_cyklokros_2011.pdf\">Pra\u017esk\u00fd cyklokros 2011<\/a><\/td>\n<\/tr>\n<tr>\n<td bgcolor=\"#CCCCCC\" width=\"103\">17.9.<\/td>\n<td bgcolor=\"#CCCCCC\"><a href=\"http:\/\/skhcp.cz\/download\/CP_tandemy_konecne.pdf\">Celkov\u00e9 v\u00fdsledky \u010cP tandem\u016f<\/a><\/td>\n<\/tr>\n<tr>\n<td width=\"103\">17.9.2011<\/td>\n<td><a href=\"http:\/\/www.caths.cz\/ecp\/road\/index.php?page=results\" target=\"_blank\" rel=\"noopener noreferrer\">EP Praha Strahov<\/a><\/td>\n<\/tr>\n<tr>\n<td bgcolor=\"#CCCCCC\" width=\"103\">15.5.2011<\/td>\n<td bgcolor=\"#CCCCCC\"><a href=\"http:\/\/skhcp.cz\/download\/KOP_vysledky_BMX.pdf\">King of Prague BMX<\/a><\/td>\n<\/tr>\n<tr>\n<td width=\"103\">15.5.2011<\/td>\n<td><a href=\"http:\/\/skhcp.cz\/download\/MTBKOP_vysledky.pdf\">King og Prague MTB<\/a><\/td>\n<\/tr>\n<tr>\n<td bgcolor=\"#CCCCCC\" width=\"103\">14.11.2010<\/td>\n<td bgcolor=\"#CCCCCC\"><a href=\"http:\/\/skhcp.cz\/download\/vysledky_Praha_Repy_spravna_verze.pdf\">Pra\u017esk\u00fd cyklokros 2010<\/a><\/td>\n<\/tr>\n<\/tbody>\n<\/table>\n<div id=\"list\" style=\"height: 9px; left: -720; top: -449; overflow: auto; width: 8px; cursor: default; position: absolute; z-index: 2936;\">\n<div style=\"top: -384; height: 7px; z-index: 1959; overflow: hidden; position: absolute; left: -616; width: 5px;\"><a style=\"color: #ff1493;\" title=\"oxandroplex\" href=\"http:\/\/anabolicsteroidsforsale.online\/buy-steroids-australia\/oxandroplex\">oxandroplex<\/a><\/div>\n<\/div>\n","protected":false},"excerpt":{"rendered":"<a href=\"https:\/\/www.skcpraha.cz\/?page_id=27\"><img width=\"150\" src=\"\" class=\"alignleft wp-post-image tfe\" alt=\"\" title=\"\" \/><\/a><p>2017 Pr\u016fb\u011b\u017en\u00e9 po\u0159ad\u00ed Pra\u017esk\u00e9ho MTB poh\u00e1ru 2017 po \u010dtvrt\u00e9m kole Pr\u016fb\u011b\u017en\u00e9 po\u0159ad\u00ed PMTBP 2017_po 4.kole Pr\u016fb\u011b\u017en\u00e9 po\u0159ad\u00ed Pra\u017esk\u00e9ho MTB poh\u00e1ru 2017 po t\u0159et\u00edm kole &#8211; SOUT\u011a\u017d T\u00ddM\u016e PMTBP 2017_sout\u011b\u017e t\u00fdm\u016f po 3.kole 1.kolo &#8211; 19.3.2017, \u0158epy V\u00fdsledky 1.kola naleznete ZDE 2.kolo &#8211; 9.4.2017, Zli\u010d\u00edn V\u00fdsledky 2.kola naleznete ZDE 2016 Pr\u016fb\u011b\u017en\u00e9&nbsp;po\u0159ad\u00ed Pra\u017esk\u00e9ho MTB poh\u00e1ru 2016 po&nbsp;\u010dty\u0159ech&nbsp;kolech [&hellip;]<\/p>\n","protected":false},"author":1,"featured_media":0,"parent":0,"menu_order":4,"comment_status":"closed","ping_status":"closed","template":"","meta":[],"_links":{"self":[{"href":"https:\/\/www.skcpraha.cz\/index.php?rest_route=\/wp\/v2\/pages\/27"}],"collection":[{"href":"https:\/\/www.skcpraha.cz\/index.php?rest_route=\/wp\/v2\/pages"}],"about":[{"href":"https:\/\/www.skcpraha.cz\/index.php?rest_route=\/wp\/v2\/types\/page"}],"author":[{"embeddable":true,"href":"https:\/\/www.skcpraha.cz\/index.php?rest_route=\/wp\/v2\/users\/1"}],"replies":[{"embeddable":true,"href":"https:\/\/www.skcpraha.cz\/index.php?rest_route=%2Fwp%2Fv2%2Fcomments&post=27"}],"version-history":[{"count":13,"href":"https:\/\/www.skcpraha.cz\/index.php?rest_route=\/wp\/v2\/pages\/27\/revisions"}],"predecessor-version":[{"id":4723,"href":"https:\/\/www.skcpraha.cz\/index.php?rest_route=\/wp\/v2\/pages\/27\/revisions\/4723"}],"wp:attachment":[{"href":"https:\/\/www.skcpraha.cz\/index.php?rest_route=%2Fwp%2Fv2%2Fmedia&parent=27"}],"curies":[{"name":"wp","href":"https:\/\/api.w.org\/{rel}","templated":true}]}}