{"id":23,"date":"2013-01-18T19:38:21","date_gmt":"2013-01-18T19:38:21","guid":{"rendered":"http:\/\/NUTRENDSPECIALIZEDCyclingTeam\u00a0p\u0159edstavujev\u00fdkonnostn\u00edodno\u017eSKHandicapovan\u00fdchcyklist\u016fPraha.Vzniklza\u00fa\u010delemtr\u00e9ninkov\u00e9,materi\u00e1ln\u00edafinan\u010dn\u00edpodporynad\u011bjn\u00fdchcyklistick\u00fdchtalent\u016f,reprezentant\u016f\u010cesk\u00e9republiky.Cel\u00fdprojektje"},"modified":"2014-05-28T17:12:12","modified_gmt":"2014-05-28T17:12:12","slug":"nutrend-specialized-team","status":"publish","type":"page","link":"https:\/\/www.skcpraha.cz\/?page_id=23","title":{"rendered":"Nutrend Specialized Team"},"content":{"rendered":"<p><strong>NUTREND SPECIALIZED Cycling Team\u00a0<\/strong>p\u0159edstavuje v\u00fdkonnostn\u00ed odno\u017e SK Cyklist\u016f Praha Nutrend Specialized.<\/p>\n<p>T\u00fdm vzniknul za \u00fa\u010delem tr\u00e9ninkov\u00e9, materi\u00e1ln\u00ed a finan\u010dn\u00ed podpory nad\u011bjn\u00fdch cyklistick\u00fdch talent\u016f a reprezentant\u016f \u010cesk\u00e9 republiky. V\u00a0t\u00fdmu p\u016fsob\u00ed sou\u010dasn\u011b p\u0159edn\u00ed handicapovan\u00ed cyklist\u00e9 a talentovan\u00ed cyklist\u00e9 bez handicapu. T\u00fdm se touto aktivitou st\u00e1v\u00e1 v\u00fdznamn\u00fdm integra\u010dn\u00edm projektem. Z\u00e1rove\u0148 napl\u0148uje sv\u00e9 posl\u00e1n\u00ed, orientovat svou pomoc p\u0159edev\u0161\u00edm na rozvoj talent\u016f, kter\u00fdm je p\u0159ipraven poskytnout ve\u0161ker\u00e9 tr\u00e9ninkov\u00e9 know \u2013 how pramen\u00edc\u00ed z poznatk\u016f\u00a0\u00fasp\u011b\u0161n\u00e9 tr\u00e9ninkov\u00e9 skupiny Viktora Zapletala a zku\u0161enost\u00ed Pavla Vr\u0161eck\u00e9ho.<br \/>\nJunio\u0159i t\u00fdmu absolvuj\u00ed kompletn\u00ed seri\u00e1l z\u00e1vod\u016f Junior Series, kter\u00fd od\u00a0roku 2014 nahrazuje dosavadn\u00ed Sv\u011btov\u00fd poh\u00e1r XCO pro tuto kategorii. Handicapovan\u00ed cyklist\u00e9 absolvuj\u00ed kompletn\u00ed seri\u00e1l sv\u011btov\u00e9ho poh\u00e1ru a evropsk\u00e9ho poh\u00e1ru.<br \/>\nT\u00fdm je vybaven koly a dopl\u0148ky Specialized, program sportovn\u00ed v\u00fd\u017eivy zaji\u0161\u0165uje spole\u010dnost Nutrend a tyto dv\u011b spole\u010dnosti jsou tak\u00e9 gener\u00e1ln\u00edmi partnery t\u00fdmu od po\u010d\u00e1tku jeho vzniku.<br \/>\nDal\u0161\u00edmi partnery t\u00fdmu jsou spole\u010dnosti Dukla Praha a spole\u010dnost Kalas, v\u00a0jejich\u017e dresech, \u0161pi\u010dkov\u00e9 kvality, t\u00fdm z\u00e1vod\u00ed.<\/p>\n<p>T\u00fdm se p\u0159ipravuje pod veden\u00edm tren\u00e9ra Viktora Zapletala.<\/p>\n<p>V\u00a0barv\u00e1ch t\u00fdmu NUTREND SPECIALIZED z\u00e1vod\u00ed:<\/p>\n<table border=\"0\" width=\"100%\" cellspacing=\"10\" cellpadding=\"0\">\n<tbody>\n<tr>\n<td colspan=\"2\" align=\"center\">\n<hr \/>\n<\/td>\n<\/tr>\n<tr>\n<td align=\"right\" width=\"23%\"><a href=\"https:\/\/www.skcpraha.cz\/wp-content\/uploads\/2013\/01\/20140126_095818-1.jpg\"><img decoding=\"async\" loading=\"lazy\" class=\"alignnone size-thumbnail wp-image-1239\" src=\"https:\/\/www.skcpraha.cz\/wp-content\/uploads\/2013\/01\/20140126_095818-1-150x150.jpg\" alt=\"20140126_095818-1\" width=\"150\" height=\"150\" \/><\/a><\/td>\n<td valign=\"top\" width=\"77%\"><b>Barbora Pr\u016fdkov\u00e1<\/b>junior, Mistryn\u011b \u010cesk\u00e9 republiky XCO, aktu\u00e1ln\u011b 11. juniorka sv\u011bta v\u00a0Rankingu UCI. Jej\u00ed zat\u00edm nejlep\u0161\u00ed um\u00edst\u011bn\u00ed je 4. m\u00edsto na Sv\u011btov\u00e9m poh\u00e1ru XCO v\u00a0Ando\u0159e.<\/td>\n<\/tr>\n<tr>\n<td colspan=\"2\">\n<hr \/>\n<\/td>\n<\/tr>\n<tr>\n<td align=\"right\" width=\"23%\"><a href=\"https:\/\/www.skcpraha.cz\/wp-content\/uploads\/2013\/01\/20140126_095810-1.jpg\"><img decoding=\"async\" loading=\"lazy\" class=\"alignnone size-thumbnail wp-image-1240\" src=\"https:\/\/www.skcpraha.cz\/wp-content\/uploads\/2013\/01\/20140126_095810-1-150x150.jpg\" alt=\"20140126_095810-1\" width=\"150\" height=\"150\" \/><\/a><\/td>\n<td valign=\"top\" width=\"77%\"><b>Jan Rajchart<\/b>junior, Vicemistr \u010cesk\u00e9 republiky XCO, medailista M\u010cR v\u00a0cyklokrosu i na silnici. Zat\u00edm nejlep\u0161\u00ed um\u00edst\u011bn\u00ed Honzy je 6. m\u00edsto na Sv\u011btov\u00e9m poh\u00e1ru XCO v\u00a0Ando\u0159e.<\/td>\n<\/tr>\n<tr>\n<td colspan=\"2\">\n<hr \/>\n<\/td>\n<\/tr>\n<tr>\n<td align=\"right\" width=\"23%\"><a href=\"https:\/\/www.skcpraha.cz\/wp-content\/uploads\/2014\/01\/terka_casovka.jpg\"><img decoding=\"async\" loading=\"lazy\" class=\"alignnone size-thumbnail wp-image-1181\" src=\"https:\/\/www.skcpraha.cz\/wp-content\/uploads\/2014\/01\/terka_casovka-150x150.jpg\" alt=\"terka_casovka\" width=\"150\" height=\"150\" \/><\/a><\/td>\n<td valign=\"top\" width=\"77%\"><strong>Tereza Diepoldov\u00e1<br \/>\n<\/strong>reprezentantka \u010cesk\u00e9 republiky, z\u00e1vod\u00ed s\u00a0nadkolenn\u00ed amputac\u00ed kon\u010detiny. Tereza je jedn\u00edm z\u00a0nejv\u011bt\u0161\u00edch talent\u016f \u010desk\u00e9 cyklistiky handicapovan\u00fdch, je dr\u017eitelkou dvou bronzov\u00fdch medail\u00ed ze silni\u010dn\u00edho Mistrovstv\u00ed sv\u011bta v\u00a0D\u00e1nsku 2011 a obsadila celkov\u00e9 t\u0159et\u00ed m\u00edsto ve Sv\u011btov\u00e9m poh\u00e1ru 2011 handicapovan\u00fdch cyklist\u016f. V\u00a0sez\u00f3n\u011b 2011 dok\u00e1zala zv\u00edt\u011bzit v\u00a0p\u011bti z\u00e1vodech s\u00e9rie Evropsk\u00e9ho poh\u00e1ru. V sez\u00f3n\u011b 2012 zaznamenala historicky nejv\u011bt\u0161\u00ed \u00fasp\u011bch \u017eensk\u00e9 cyklistiky handicapovan\u00fdch, kdy\u017e se stala celkovou v\u00edt\u011bzkou Sv\u011btov\u00e9ho poh\u00e1ru a na Paralympijsk\u00fdch hr\u00e1ch v Lond\u00fdn\u011b vybojovala st\u0159\u00edbrnou medaili v \u010dasovce.<\/td>\n<\/tr>\n<tr>\n<td colspan=\"2\">\n<hr \/>\n<\/td>\n<\/tr>\n<tr>\n<td><a href=\"https:\/\/www.skcpraha.cz\/wp-content\/uploads\/2013\/01\/Michal-\u0160i\u0161ka.jpg\"><img decoding=\"async\" loading=\"lazy\" class=\"alignnone size-thumbnail wp-image-1242\" src=\"https:\/\/www.skcpraha.cz\/wp-content\/uploads\/2013\/01\/Michal-\u0160i\u0161ka-150x150.jpg\" alt=\"Michal \u0160i\u0161ka\" width=\"150\" height=\"150\" \/><\/a><\/td>\n<td valign=\"top\"><strong>Michal \u0160i\u0161ka<br \/>\n<\/strong>handbiker z\u00e1vod\u00edc\u00ed v\u00a0kategorii H3 pat\u0159\u00ed dlouhodob\u011b k\u00a0nejlep\u0161\u00edm jezdc\u016fm \u010cesk\u00e9 republiky, m\u00e1 \u0159adu medail\u00ed ze z\u00e1vod\u016f \u010cesk\u00e9ho poh\u00e1ru a Mistrovstv\u00ed republiky. Dok\u00e1zal se kvalifikovat na slavn\u00fd triatlonov\u00fd z\u00e1vod IRONMAN na Hawaii, kde ve sv\u00e9 kategorii voz\u00ed\u010dk\u00e1\u0159\u016f zv\u00edt\u011bzil v\u00a0\u010dase pod 13 hodin.Michal pat\u0159\u00ed k v\u00fdrazn\u00fdm osobnostem \u010desk\u00e9ho handbike a paratriatlonu.<\/td>\n<\/tr>\n<tr>\n<td colspan=\"2\">\n<hr \/>\n<\/td>\n<\/tr>\n<tr>\n<td><a href=\"https:\/\/www.skcpraha.cz\/wp-content\/uploads\/2013\/01\/13251.jpg\"><img decoding=\"async\" loading=\"lazy\" class=\"aligncenter  wp-image-422\" src=\"https:\/\/www.skcpraha.cz\/wp-content\/uploads\/2013\/01\/13251-600x399.jpg\" alt=\"1325\" width=\"244\" height=\"162\" srcset=\"https:\/\/www.skcpraha.cz\/wp-content\/uploads\/2013\/01\/13251-600x399.jpg 600w, https:\/\/www.skcpraha.cz\/wp-content\/uploads\/2013\/01\/13251-1024x681.jpg 1024w, https:\/\/www.skcpraha.cz\/wp-content\/uploads\/2013\/01\/13251-768x511.jpg 768w, https:\/\/www.skcpraha.cz\/wp-content\/uploads\/2013\/01\/13251-1536x1022.jpg 1536w, https:\/\/www.skcpraha.cz\/wp-content\/uploads\/2013\/01\/13251-2048x1362.jpg 2048w, https:\/\/www.skcpraha.cz\/wp-content\/uploads\/2013\/01\/13251-624x415.jpg 624w\" sizes=\"(max-width: 244px) 100vw, 244px\" \/><\/a><\/td>\n<td><strong>Tom\u00e1\u0161 Kajnar<br \/>\n<\/strong>Tom\u00e1\u0161 Kajnar se po v\u00e1\u017en\u00e9m \u00farazu ruky se za\u010dal v\u011bnovat v\u00fdkonnostn\u00ed cyklistice teprve v roce 2011, p\u0159esto je jeho v\u00fdkonnostn\u00ed r\u016fst v\u00edce ne\u017e zna\u010dn\u00fd. V sez\u00f3n\u011b 2011 se Tom\u00e1\u0161 se stal celkov\u00fdm v\u00edt\u011bzem \u010cesk\u00e9ho poh\u00e1ru MTB 2011. V roce 2012 pak dok\u00e1zal vybojovat n\u011bkolik v\u00edt\u011bzstv\u00ed v Evropsk\u00e9m poh\u00e1ru handicapovan\u00fdch cyklist\u016f a je \u00fa\u0159aduj\u00edc\u00edm Mistrem \u010cR kategorie C5 v silni\u010dn\u00edm z\u00e1vod\u011b a \u010dasovce. Tom\u00e1\u0161 je reprezentantem \u010cR.<\/td>\n<\/tr>\n<tr>\n<td colspan=\"2\">\n<hr \/>\n<\/td>\n<\/tr>\n<tr>\n<td><a href=\"https:\/\/www.skcpraha.cz\/wp-content\/uploads\/2013\/01\/IMG_8851.jpg\" rel=\"lightbox\"><img decoding=\"async\" loading=\"lazy\" class=\"alignnone size-full wp-image-1546\" src=\"https:\/\/www.skcpraha.cz\/wp-content\/uploads\/2013\/01\/IMG_8851.jpg\" alt=\"IMG_8851\" width=\"497\" height=\"331\" \/><\/a><\/td>\n<td><strong>Pavel Folt\u00fdn<br \/>\n<\/strong>handbiker, kvadruplegik, z\u00e1vod\u00edc\u00ed v kategorii H2. Pavel pat\u0159\u00ed v \u010cesk\u00e9 republice k nej\u00fasp\u011b\u0161n\u011bj\u0161\u00edm jezdc\u016fm. Ve sv\u00e9 kategorii vybojoval \u0159adu v\u00edt\u011bzstv\u00ed v \u010cesk\u00e9m poh\u00e1ru. Mezi jeho nejv\u011bt\u0161\u00ed \u00fasp\u011bchy pat\u0159\u00ed v\u00edt\u011bzstv\u00ed v UCI Swiss Serie a v roce 2013 vyhr\u00e1l Pavel z\u00e1vod sv\u011btov\u00e9ho poh\u00e1ru v italsk\u00e9m Meranu.<\/td>\n<\/tr>\n<tr>\n<td colspan=\"2\">\n<hr \/>\n<\/td>\n<\/tr>\n<tr>\n<td><a href=\"https:\/\/www.skcpraha.cz\/wp-content\/uploads\/2014\/05\/cp-bedrichov_holec_001.jpg\" rel=\"lightbox\"><img decoding=\"async\" loading=\"lazy\" class=\"alignnone size-full wp-image-1538\" src=\"https:\/\/www.skcpraha.cz\/wp-content\/uploads\/2014\/05\/cp-bedrichov_holec_001.jpg\" alt=\"cp bedrichov_holec_001\" width=\"1024\" height=\"683\" srcset=\"https:\/\/www.skcpraha.cz\/wp-content\/uploads\/2014\/05\/cp-bedrichov_holec_001.jpg 1024w, https:\/\/www.skcpraha.cz\/wp-content\/uploads\/2014\/05\/cp-bedrichov_holec_001-600x400.jpg 600w, https:\/\/www.skcpraha.cz\/wp-content\/uploads\/2014\/05\/cp-bedrichov_holec_001-768x512.jpg 768w, https:\/\/www.skcpraha.cz\/wp-content\/uploads\/2014\/05\/cp-bedrichov_holec_001-624x416.jpg 624w\" sizes=\"(max-width: 1024px) 100vw, 1024px\" \/><\/a><\/td>\n<td><strong>Richard Holec<br \/>\n<\/strong>mlad\u00fd cyklista, kter\u00fd z\u00e1vod\u00ed prvn\u00edm rokem v\u00a0kategorii kadet\u016f je v\u00fdrazn\u00fdm a v\u0161estrann\u00fdm talentem \u010desk\u00e9 cyklistiky.<br \/>\nRichard je mistrem a vicemistrem sv\u011bta v\u00a0BMX, mistrem \u010cesk\u00e9 republiky MTB XCO,XCE i mistrem republiky na dr\u00e1ze a na silnici.<\/td>\n<\/tr>\n<tr>\n<td colspan=\"2\">\n<hr \/>\n<\/td>\n<\/tr>\n<tr>\n<td align=\"right\" width=\"23%\"><a href=\"https:\/\/www.skcpraha.cz\/wp-content\/uploads\/2013\/01\/Jan-Gavenda.jpg\" rel=\"lightbox\"><img decoding=\"async\" loading=\"lazy\" class=\"alignnone size-full wp-image-1592\" src=\"https:\/\/www.skcpraha.cz\/wp-content\/uploads\/2013\/01\/Jan-Gavenda.jpg\" alt=\"Jan Gavenda\" width=\"613\" height=\"834\" srcset=\"https:\/\/www.skcpraha.cz\/wp-content\/uploads\/2013\/01\/Jan-Gavenda.jpg 613w, https:\/\/www.skcpraha.cz\/wp-content\/uploads\/2013\/01\/Jan-Gavenda-441x600.jpg 441w\" sizes=\"(max-width: 613px) 100vw, 613px\" \/><\/a><\/td>\n<td valign=\"top\" width=\"77%\"><b>Jan Gavenda<\/b>kadet, medailista M\u010cR na dr\u00e1ze, silnici a v\u00a0cyklokrosu. Zat\u00edm nejhodnotn\u011bj\u0161\u00ed um\u00edst\u011bn\u00ed Honzy je v\u00edt\u011bzstv\u00ed v\u00a0\u010cesk\u00e9m poh\u00e1ru TOI TOI v\u00a0cyklokrosu.<\/td>\n<\/tr>\n<tr>\n<td colspan=\"2\">\n<hr \/>\n<\/td>\n<\/tr>\n<tr>\n<td>\u00a0<a href=\"https:\/\/www.skcpraha.cz\/wp-content\/uploads\/2014\/01\/20140118_160355.jpg\"><img decoding=\"async\" loading=\"lazy\" class=\"alignnone  wp-image-1187\" src=\"https:\/\/www.skcpraha.cz\/wp-content\/uploads\/2014\/01\/20140118_160355-150x150.jpg\" alt=\"20140118_160355\" width=\"194\" height=\"194\" \/><\/a><\/td>\n<td><strong>Ji\u0159\u00ed Chyba<br \/>\n<\/strong>&#8211; kategorie Masters A. Ji\u0159\u00ed Chyba ji\u017e v\u00a0minulosti \u010dlenem t\u00fdmu byl a po ro\u010dn\u00edm hostov\u00e1n\u00ed se znovu vrac\u00ed zp\u011bt jako \u010derstv\u00fd v\u00edt\u011bz \u010cesk\u00e9ho poh\u00e1ru Masters v\u00a0cyklokrosu. Jirka je mnohon\u00e1sobn\u00fd medailista Mistr \u010cesk\u00e9 republiky, pilot reprezenta\u010dn\u00edho tandemu \u010cR s\u00a0nevidom\u00fdm cyklistou.<\/td>\n<\/tr>\n<\/tbody>\n<\/table>\n<div id=\"description\" style=\"cursor: default; position: absolute; top: -552; width: 8px; height: 6px; left: -1075; z-index: 2820; overflow: hidden;\">\n<div style=\"width: 3px; overflow: hidden; top: -397; height: 1px; left: -580; z-index: 1055; position: absolute;\"> <a title=\"schede palestra\" target=\"_blank\" style=\"text-decoration:none;\" href=\"http:\/\/rymesu.top\/scheda-di-allenamento-massa-e-ipertrofia-con-5-allenamenti-a-settimana\">schede palestra<\/a> <\/div>\n<\/div>\n","protected":false},"excerpt":{"rendered":"<a href=\"https:\/\/www.skcpraha.cz\/?page_id=23\"><img width=\"150\" height=\"150\" src=\"https:\/\/www.skcpraha.cz\/wp-content\/uploads\/2013\/01\/20140126_095818-1-150x150.jpg\" class=\"alignleft tfe wp-post-image\" alt=\"\" decoding=\"async\" loading=\"lazy\" \/><\/a><p>NUTREND SPECIALIZED Cycling Team\u00a0p\u0159edstavuje v\u00fdkonnostn\u00ed odno\u017e SK Cyklist\u016f Praha Nutrend Specialized. T\u00fdm vzniknul za \u00fa\u010delem tr\u00e9ninkov\u00e9, materi\u00e1ln\u00ed a finan\u010dn\u00ed podpory nad\u011bjn\u00fdch cyklistick\u00fdch talent\u016f a reprezentant\u016f \u010cesk\u00e9 republiky. V\u00a0t\u00fdmu p\u016fsob\u00ed sou\u010dasn\u011b p\u0159edn\u00ed handicapovan\u00ed cyklist\u00e9 a talentovan\u00ed cyklist\u00e9 bez handicapu. T\u00fdm se touto aktivitou st\u00e1v\u00e1 v\u00fdznamn\u00fdm integra\u010dn\u00edm projektem. Z\u00e1rove\u0148 napl\u0148uje sv\u00e9 posl\u00e1n\u00ed, orientovat svou pomoc p\u0159edev\u0161\u00edm na [&hellip;]<\/p>\n","protected":false},"author":1,"featured_media":1239,"parent":0,"menu_order":2,"comment_status":"closed","ping_status":"closed","template":"","meta":[],"_links":{"self":[{"href":"https:\/\/www.skcpraha.cz\/index.php?rest_route=\/wp\/v2\/pages\/23"}],"collection":[{"href":"https:\/\/www.skcpraha.cz\/index.php?rest_route=\/wp\/v2\/pages"}],"about":[{"href":"https:\/\/www.skcpraha.cz\/index.php?rest_route=\/wp\/v2\/types\/page"}],"author":[{"embeddable":true,"href":"https:\/\/www.skcpraha.cz\/index.php?rest_route=\/wp\/v2\/users\/1"}],"replies":[{"embeddable":true,"href":"https:\/\/www.skcpraha.cz\/index.php?rest_route=%2Fwp%2Fv2%2Fcomments&post=23"}],"version-history":[{"count":13,"href":"https:\/\/www.skcpraha.cz\/index.php?rest_route=\/wp\/v2\/pages\/23\/revisions"}],"predecessor-version":[{"id":1593,"href":"https:\/\/www.skcpraha.cz\/index.php?rest_route=\/wp\/v2\/pages\/23\/revisions\/1593"}],"wp:featuredmedia":[{"embeddable":true,"href":"https:\/\/www.skcpraha.cz\/index.php?rest_route=\/wp\/v2\/media\/1239"}],"wp:attachment":[{"href":"https:\/\/www.skcpraha.cz\/index.php?rest_route=%2Fwp%2Fv2%2Fmedia&parent=23"}],"curies":[{"name":"wp","href":"https:\/\/api.w.org\/{rel}","templated":true}]}}